{"id":17746,"date":"2025-08-30T13:59:11","date_gmt":"2025-08-30T11:59:11","guid":{"rendered":"https:\/\/hofgut-menschenhaus.de\/?page_id=17746"},"modified":"2025-10-11T21:15:50","modified_gmt":"2025-10-11T19:15:50","slug":"hofgut-wiesn-2025","status":"publish","type":"page","link":"https:\/\/hofgut-menschenhaus.de\/de_de\/hofgut-wiesn-2025\/","title":{"rendered":"Hofgut Wiesn 2025"},"content":{"rendered":"\t\t<div data-elementor-type=\"wp-page\" data-elementor-id=\"17746\" class=\"elementor elementor-17746\" data-elementor-post-type=\"page\">\n\t\t\t\t\t\t<section data-particle_enable=\"false\" data-particle-mobile-disabled=\"false\" class=\"elementor-section elementor-top-section elementor-element elementor-element-ff64433 elementor-section-boxed elementor-section-height-default elementor-section-height-default wd-section-disabled\" data-id=\"ff64433\" data-element_type=\"section\" data-e-type=\"section\">\n\t\t\t\t\t\t<div class=\"elementor-container elementor-column-gap-default\">\n\t\t\t\t\t<div class=\"elementor-column elementor-col-100 elementor-top-column elementor-element elementor-element-89c7cfd\" data-id=\"89c7cfd\" data-element_type=\"column\" data-e-type=\"column\">\n\t\t\t<div class=\"elementor-widget-wrap elementor-element-populated\">\n\t\t\t\t\t\t<div class=\"elementor-element elementor-element-eb5311b elementor-widget elementor-widget-wd_text_block\" data-id=\"eb5311b\" data-element_type=\"widget\" data-e-type=\"widget\" data-widget_type=\"wd_text_block.default\">\n\t\t\t\t<div class=\"elementor-widget-container\">\n\t\t\t\t\t\t\t<div class=\"wd-text-block reset-last-child text-left\">\n\t\t\t\n\t\t\t<h1>\u00a0<\/h1><center><h1><span style=\"font-size: 14px; color: #777777;\">Liebe G\u00e4ste, liebe Freunde des<\/span><span style=\"font-size: 14px; color: #777777;\"> Hofguts,<\/span><\/h1><p data-end=\"726\" data-start=\"340\">leider m\u00fcssen wir euch mitteilen, dass die diesj\u00e4hrige <strong data-end=\"444\" data-start=\"395\">Hofgut Wiesn\u00a0<\/strong>nicht wie geplant stattfinden kann.<br data-end=\"483\" data-start=\"480\" \/>Trotz intensiver Vorbereitung und gro\u00dfer Vorfreude zwingen uns die schlechten Vorverk\u00e4ufe dazu, die Veranstaltung abzusagen.<\/p><p data-end=\"895\" data-start=\"728\">Wir bedauern diese Entscheidung sehr und hoffen auf euer Verst\u00e4ndnis.<br data-end=\"800\" data-start=\"797\" \/>Bereits gekaufte Tickets werden selbstverst\u00e4ndlich vollst\u00e4ndig erstattet.<\/p><p><span style=\"font-size: 14px;\">Wir danken euch herzlich f\u00fcr<\/span><\/p><p data-end=\"1133\" data-start=\"897\">eure Unterst\u00fctzung, euer Interesse und die vielen positiven R\u00fcckmeldungen, die uns jedes Jahr erreichen \u2013 und hoffen sehr, euch bei einer zuk\u00fcnftigen Veranstaltung wieder auf dem Hofgut begr\u00fc\u00dfen zu d\u00fcrfen.<\/p><p><span style=\"font-size: 14px;\">Mit herzlichen Gr\u00fc\u00dfen<\/span><\/p><p data-end=\"1213\" data-start=\"1135\"><strong data-end=\"1179\" data-start=\"1159\">Euer Hofgut-Team<\/strong><\/p><p><span style=\"font-size: 14px;\"> Hofgut Menschenhausen<\/span><\/p><\/center><h1><strong>\u00a0<\/strong><\/h1>\n\t\t\t\t\t<\/div>\n\t\t\t\t\t\t<\/div>\n\t\t\t\t<\/div>\n\t\t\t\t\t<\/div>\n\t\t<\/div>\n\t\t\t\t\t<\/div>\n\t\t<\/section>\n\t\t\t\t<\/div>\n\t\t","protected":false},"excerpt":{"rendered":"<p>\u00a0 Liebe G\u00e4ste, liebe Freunde des Hofguts, leider m\u00fcssen wir euch mitteilen, dass die diesj\u00e4hrige Hofgut Wiesn\u00a0nicht wie geplant stattfinden<\/p>\n","protected":false},"author":1,"featured_media":17534,"parent":0,"menu_order":0,"comment_status":"closed","ping_status":"closed","template":"","meta":{"footnotes":""},"class_list":["post-17746","page","type-page","status-publish","has-post-thumbnail","hentry"],"_links":{"self":[{"href":"https:\/\/hofgut-menschenhaus.de\/de_de\/wp-json\/wp\/v2\/pages\/17746","targetHints":{"allow":["GET"]}}],"collection":[{"href":"https:\/\/hofgut-menschenhaus.de\/de_de\/wp-json\/wp\/v2\/pages"}],"about":[{"href":"https:\/\/hofgut-menschenhaus.de\/de_de\/wp-json\/wp\/v2\/types\/page"}],"author":[{"embeddable":true,"href":"https:\/\/hofgut-menschenhaus.de\/de_de\/wp-json\/wp\/v2\/users\/1"}],"replies":[{"embeddable":true,"href":"https:\/\/hofgut-menschenhaus.de\/de_de\/wp-json\/wp\/v2\/comments?post=17746"}],"version-history":[{"count":10,"href":"https:\/\/hofgut-menschenhaus.de\/de_de\/wp-json\/wp\/v2\/pages\/17746\/revisions"}],"predecessor-version":[{"id":18431,"href":"https:\/\/hofgut-menschenhaus.de\/de_de\/wp-json\/wp\/v2\/pages\/17746\/revisions\/18431"}],"wp:featuredmedia":[{"embeddable":true,"href":"https:\/\/hofgut-menschenhaus.de\/de_de\/wp-json\/wp\/v2\/media\/17534"}],"wp:attachment":[{"href":"https:\/\/hofgut-menschenhaus.de\/de_de\/wp-json\/wp\/v2\/media?parent=17746"}],"curies":[{"name":"wp","href":"https:\/\/api.w.org\/{rel}","templated":true}]}}